{"id":16,"date":"2023-04-27T18:02:14","date_gmt":"2023-04-27T16:02:14","guid":{"rendered":"https:\/\/liskiava.lt\/wordpress_V\/about\/"},"modified":"2024-04-10T16:57:27","modified_gmt":"2024-04-10T13:57:27","slug":"about","status":"publish","type":"page","link":"https:\/\/liskiava.lt\/wordpress_V\/about\/","title":{"rendered":"Apie mus"},"content":{"rendered":"\n<div class=\"wp-block-cover alignfull\" style=\"min-height:189px\"><span aria-hidden=\"true\" class=\"wp-block-cover__background has-background-dim\"><\/span><img loading=\"lazy\" decoding=\"async\" width=\"2720\" height=\"1530\" class=\"wp-block-cover__image-background wp-image-438\" alt=\"\" src=\"https:\/\/liskiava.lt\/wordpress_V\/wp-content\/uploads\/2023\/07\/liskiava.004.png\" style=\"object-position:52% 66%\" data-object-fit=\"cover\" data-object-position=\"52% 66%\"\/><div class=\"wp-block-cover__inner-container is-layout-constrained wp-block-cover-is-layout-constrained\">\n<p class=\"has-text-align-center has-huge-font-size\">Apie mus<\/p>\n<\/div><\/div>\n\n\n\n<p class=\"has-text-align-center\">1998 m. spalio 28 d. Li\u0161kiavos architekt\u016brinio ansamblio pastatuose, buvusiame dominikon\u0173 vienuolyne buvo \u012fkurtas V\u0161\u012e Li\u0161kiavos kult\u016bros centras, kuris r\u016bpinasi ansamblio prie\u017ei\u016bra, rengini\u0173 organizavimu, apgyvendinimo ir maitinimo paslaugomis bei organizuoja ekskursijas aplankant ba\u017eny\u010dios r\u016bsius bei liturgin\u0119 ekspozicij\u0105 buvusiame vienuolyne. Nuo 2024 met\u0173 kovo 13 d. &#8211; V\u0161\u012e Li\u0161kiavos parapijos centras. <\/p>\n\n\n\n<p class=\"has-text-align-center\">Siekdama \u012fgyvendinti pagrindinius savo tikslus \u012fstaiga vykdo \u016bkin\u0119 veikl\u0105. Viena i\u0161 pagrindini\u0173 \u012fstaigos veiklos kryp\u010di\u0173 yra rengini\u0173 organizavimas ir aptarnavimas. \u012evairi\u0173 delegacij\u0173 susitikimai, konferencijos, seminarai, festivaliai, \u0161vent\u0117s, min\u0117jimai, rekolekcijos, stovyklos ir kiti renginiai.<\/p>\n\n\n\n<div style=\"margin-top:0;margin-bottom:0;height:32px\" aria-hidden=\"true\" class=\"wp-block-spacer desktop-only\"><\/div>\n\n\n\n<div class=\"wp-block-cover alignfull\" style=\"padding-top:var(--wp--preset--spacing--70);padding-right:var(--wp--preset--spacing--70);padding-bottom:var(--wp--preset--spacing--70);padding-left:var(--wp--preset--spacing--70);min-height:247px\"><span aria-hidden=\"true\" class=\"wp-block-cover__background has-foreground-background-color has-background-dim-70 has-background-dim\"><\/span><img loading=\"lazy\" decoding=\"async\" width=\"5184\" height=\"3456\" class=\"wp-block-cover__image-background wp-image-11\" alt=\"\" src=\"https:\/\/liskiava.lt\/wordpress_V\/wp-content\/uploads\/2023\/04\/img_2627.jpg\" style=\"object-position:54% 35%\" data-object-fit=\"cover\" data-object-position=\"54% 35%\"\/><div class=\"wp-block-cover__inner-container is-layout-flow wp-block-cover-is-layout-flow\">\n<div class=\"wp-block-columns alignfull is-layout-flex wp-container-core-columns-layout-1 wp-block-columns-is-layout-flex\">\n<div class=\"wp-block-column is-vertically-aligned-center is-layout-flow wp-block-column-is-layout-flow\" style=\"flex-basis:33.33%\">\n<h4 class=\"wp-block-heading\">\u012eSTAIGOS VEIKLOS TIKSLAI:<\/h4>\n<\/div>\n\n\n\n<div class=\"wp-block-column is-layout-flow wp-block-column-is-layout-flow\" style=\"flex-basis:66.66%\">\n<ul class=\"has-background-color has-text-color\">\n<li>rengti ir \u012fgyvendinti kult\u016bros, \u0161vietimo, meno pl\u0117tojimo, turizmo vystymo programas;<\/li>\n\n\n\n<li>pl\u0117toti Li\u0161kiavos architekt\u016brinio ansamblio i\u0161saugojimo ir turizmo institucij\u0173 ry\u0161ius;<\/li>\n\n\n\n<li>susieti Li\u0161kiavos architekt\u016brinio ansamblio funkcionavimo u\u017etikrinim\u0105 su visuomen\u0117s poreikiais, kult\u016bros paslaug\u0173 teikimu;<\/li>\n\n\n\n<li>skatinti visuomen\u0117s kult\u016brin\u0119 veikl\u0105 ir turizm\u0105;<\/li>\n\n\n\n<li>tenkinti \u012fvairi\u0173 kult\u016bros ir meno rengini\u0173 poreik\u012f.<\/li>\n<\/ul>\n<\/div>\n<\/div>\n\n\n\n<div style=\"height:50px\" aria-hidden=\"true\" class=\"wp-block-spacer\"><\/div>\n\n\n\n<div class=\"wp-block-columns alignfull is-layout-flex wp-container-core-columns-layout-2 wp-block-columns-is-layout-flex\">\n<div class=\"wp-block-column is-vertically-aligned-center is-layout-flow wp-block-column-is-layout-flow\" style=\"flex-basis:33.33%\">\n<h4 class=\"wp-block-heading\">\u012eSTAIGOS FUNKCIJOS:<\/h4>\n<\/div>\n\n\n\n<div class=\"wp-block-column is-layout-flow wp-block-column-is-layout-flow\" style=\"flex-basis:66.66%\">\n<ul>\n<li>kuria ir vykdo kult\u016bros, \u0161vietimo, meno, turizmo pl\u0117tojimo ir vystymo programas;<\/li>\n\n\n\n<li>organizuoja tarptautinius ir vyriausybinius susitikimus, seminarus, konferencijas, simpoziumus;<\/li>\n\n\n\n<li>organizuoja kult\u016bros ir meno renginius;<\/li>\n\n\n\n<li>kaupia, leid\u017eia ir platina informacin\u0119 med\u017eiag\u0105;<\/li>\n\n\n\n<li>kuria informacin\u0119 sistem\u0105 klientams ir lankytojams pritraukti;<\/li>\n\n\n\n<li>bendradarbiauja su Respublikos bei u\u017esienio nevyriausybin\u0117mis organizacijoms bei priva\u010diomis \u012fmon\u0117mis.<\/li>\n<\/ul>\n<\/div>\n<\/div>\n<\/div><\/div>\n\n\n\n<div class=\"wp-block-cover alignfull is-light is-repeated has-foreground-color has-text-color has-link-color wp-elements-8a078b87063fb8031371b8b006085b03\" style=\"padding-top:var(--wp--preset--spacing--70);padding-right:var(--wp--preset--spacing--70);padding-bottom:var(--wp--preset--spacing--70);padding-left:var(--wp--preset--spacing--70);min-height:951px\"><span aria-hidden=\"true\" class=\"wp-block-cover__background has-white-background-color has-background-dim-70 has-background-dim\"><\/span><div role=\"img\" class=\"wp-block-cover__image-background wp-image-310 is-repeated\" style=\"background-position:51% 89%;background-image:url(https:\/\/liskiava.lt\/wordpress_V\/wp-content\/uploads\/2023\/05\/untitled-design.png)\"><\/div><div class=\"wp-block-cover__inner-container is-layout-flow wp-block-cover-is-layout-flow\">\n<h5 class=\"wp-block-heading has-text-align-center has-text-color has-link-color wp-elements-cf9fdcda4562c04d791ee9e88101bf2a\" style=\"color:#ed8a58\">Li\u0161kiavos kult\u016bros centro vidaus tvarkos taisykl\u0117s<\/h5>\n\n\n\n<ol>\n<li>R\u016bkyti leid\u017eiama tik lauke ir tam skirtoje vietoje, pa\u017eym\u0117toje \u017eenklu. R\u016bkyti sve\u010di\u0173 nam\u0173 patalpose grei\u017etai draud\u017eiama. Pa\u017eeidus \u0161i\u0105 taisykl\u0119, taikoma 100 eur\u0173 bauda.<\/li>\n\n\n\n<li>Sve\u010diai \u012f V\u0161\u012e Li\u0161kiavos kult\u016bros centro sve\u010di\u0173 namus su gyv\u016bnais nepriimami.<\/li>\n\n\n\n<li>V\u0161\u012e Li\u0161kiavos kult\u016bros centro patalpose ir visoje ansamblio teritorijoje pra\u0161ome laikytis prie\u0161gaisrin\u0117s saugos, aplinkos apsaugos, taip pat higienos bei sanitarini\u0173 reikalavim\u0173. Klientas atsako u\u017e \u0161i\u0173 taiykli\u0173 bei reikalavim\u0173 nesilaikymo pasekmes ir atlygina d\u0117l to atsiradusi\u0105 materialin\u0119 \u017eal\u0105.<\/li>\n\n\n\n<li>Draud\u017eiama naudoti savo elektrinius \u0161ildymo prietaisus. Nepalikite \u012fjungt\u0173 elektros prietais\u0173 be prie\u017ei\u016bros, i\u0161eidami i\u0161 patalp\u0173 juos i\u0161junkite. Draud\u017eiama kambariuose deginti \u017evakes. Kilus gaisrui, skambinti telefonu 112 ir prane\u0161ti administratoriui.<\/li>\n\n\n\n<li>Draud\u017eiama perkelti bet kok\u012f inventori\u0173 \u012f kit\u0105 kambar\u012f be administracijos \u017einios.<\/li>\n\n\n\n<li>Draud\u017eiama kambariuose stumdyti baldus.<\/li>\n\n\n\n<li>J\u016bs\u0173 pa\u010di\u0173 patogumui pra\u0161ome J\u016bs\u0173, pasteb\u0117jus technikos ar \u012frangos gedimus, nedelsiat prane\u0161ti administratoriui ir tr\u016bkumai bus nedelsiant pa\u0161alinti.<\/li>\n\n\n\n<li>Nei\u0161sine\u0161kite i\u0161 pastato joki\u0173 daikt\u0173, priklausan\u010di\u0173 V\u0161\u012e Li\u0161kiavos kult\u016bros centro Sve\u010di\u0173 namams.<\/li>\n\n\n\n<li>D\u0117kojame, kad saugote inventori\u0173, u\u017e padaryt\u0105 \u017eal\u0105 yra numatyta materialin\u0117 atsakomyb\u0117.<\/li>\n\n\n\n<li>V\u0161\u012e Li\u0161kiavos kult\u016bros centro administracija neatsako u\u017e nelaimingus atsitikimus, jeigu jie \u012fvyko ne d\u0117l paslaug\u0173 teik\u0117jo kalt\u0117s;<\/li>\n\n\n\n<li>V\u0161\u012e Li\u0161kiavos kult\u016bros centro administracija neatsako u\u017e paliktus ar pamestus asmeninius daiktus.<\/li>\n\n\n\n<li>Vaikai iki 16 met\u0173 \u012f SPA zon\u0105 \u012fleid\u017eiami tik lydimi juos pri\u017ei\u016brin\u010di\u0173 pilname\u010di\u0173 asmen\u0173, kurie atsako u\u017e j\u0173 saugum\u0105 ir gyvyb\u0119.<\/li>\n\n\n\n<li>Atvyk\u0119 sve\u010diai savo autmobilius gali prakuotis V\u0161\u012e Li\u0161kaivos kult\u016bros centro teritorijoje \u012frengtose aik\u0161tel\u0117se.<\/li>\n<\/ol>\n<\/div><\/div>\n\n\n\n<div class=\"wp-block-cover alignfull is-light is-repeated has-background-color has-text-color\" style=\"min-height:610px\"><span aria-hidden=\"true\" class=\"wp-block-cover__background has-background-dim\"><\/span><div role=\"img\" class=\"wp-block-cover__image-background wp-image-332 is-repeated\" style=\"background-position:43% 73%;background-image:url(https:\/\/liskiava.lt\/wordpress_V\/wp-content\/uploads\/2023\/05\/untitled-design-3.png)\"><\/div><div class=\"wp-block-cover__inner-container is-layout-constrained wp-block-cover-is-layout-constrained\">\n<h5 class=\"wp-block-heading has-text-align-center\">Li\u0161kiavos architekt\u016brinio ansamblio teritorijoje yra draud\u017eiama:<\/h5>\n\n\n\n<ul>\n<li>Savivali\u0161kai organizuotis pasivai\u0161inimus, asmenines popietes bei asmenini\u0173 \u0161ven\u010di\u0173 fotosesijas, nesuderinus su Li\u0161kiavos kult\u016bros centro administracija<\/li>\n\n\n\n<li>Laipioti architekt\u016brinio ansamblio tvoromis.<\/li>\n\n\n\n<li>Prekiauti.<\/li>\n\n\n\n<li>\u0160iuk\u0161linti.<\/li>\n\n\n\n<li>Ved\u017eioti \u0161unis.<\/li>\n\n\n\n<li>R\u016bkyti (galima tik pa\u017eym\u0117tose vietose)<\/li>\n\n\n\n<li>Dronams Li\u0161kiavos kult\u016bros centro ir Li\u0161kiavos \u0160v\u010d. Trejyb\u0117s ba\u017eny\u010dios teritorijose kilti draud\u017eiama. Skraidyti galima tik tokiame auk\u0161tyje, kaip numato taisykl\u0117s. Skristi ne ar\u010diau kaip 50 metr\u0173 atstumu nuo pa\u0161alini\u0173 \u017emoni\u0173, pastat\u0173 ar transporto priemoni\u0173.<\/li>\n<\/ul>\n\n\n\n<p class=\"has-text-align-center\">Li\u0161kiavos architekt\u016brinio ansamblio vartai rakinami 20 val. \u2013 8 val.<\/p>\n<\/div><\/div>\n","protected":false},"excerpt":{"rendered":"<p>1998 m. spalio 28 d. Li\u0161kiavos architekt\u016brinio ansamblio pastatuose, buvusiame dominikon\u0173 vienuolyne buvo \u012fkurtas V\u0161\u012e Li\u0161kiavos kult\u016bros centras, kuris r\u016bpinasi ansamblio prie\u017ei\u016bra, rengini\u0173 organizavimu, apgyvendinimo ir maitinimo paslaugomis bei organizuoja ekskursijas aplankant ba\u017eny\u010dios r\u016bsius bei liturgin\u0119 ekspozicij\u0105 buvusiame vienuolyne. Nuo 2024 met\u0173 kovo 13 d. &#8211; V\u0161\u012e Li\u0161kiavos parapijos centras. Siekdama \u012fgyvendinti pagrindinius savo tikslus<a class=\"more-link\" href=\"https:\/\/liskiava.lt\/wordpress_V\/about\/\">Continue reading <span class=\"screen-reader-text\">&#8222;Apie mus&#8221;<\/span><\/a><\/p>\n","protected":false},"author":108388575,"featured_media":0,"parent":0,"menu_order":1,"comment_status":"closed","ping_status":"closed","template":"","meta":{"footnotes":""},"_links":{"self":[{"href":"https:\/\/liskiava.lt\/wordpress_V\/wp-json\/wp\/v2\/pages\/16"}],"collection":[{"href":"https:\/\/liskiava.lt\/wordpress_V\/wp-json\/wp\/v2\/pages"}],"about":[{"href":"https:\/\/liskiava.lt\/wordpress_V\/wp-json\/wp\/v2\/types\/page"}],"author":[{"embeddable":true,"href":"https:\/\/liskiava.lt\/wordpress_V\/wp-json\/wp\/v2\/users\/108388575"}],"replies":[{"embeddable":true,"href":"https:\/\/liskiava.lt\/wordpress_V\/wp-json\/wp\/v2\/comments?post=16"}],"version-history":[{"count":40,"href":"https:\/\/liskiava.lt\/wordpress_V\/wp-json\/wp\/v2\/pages\/16\/revisions"}],"predecessor-version":[{"id":998,"href":"https:\/\/liskiava.lt\/wordpress_V\/wp-json\/wp\/v2\/pages\/16\/revisions\/998"}],"wp:attachment":[{"href":"https:\/\/liskiava.lt\/wordpress_V\/wp-json\/wp\/v2\/media?parent=16"}],"curies":[{"name":"wp","href":"https:\/\/api.w.org\/{rel}","templated":true}]}}